{"id":29,"date":"2020-08-29T19:30:41","date_gmt":"2020-08-29T17:30:41","guid":{"rendered":"http:\/\/vme.hu\/wprs\/?page_id=29"},"modified":"2020-08-30T16:59:44","modified_gmt":"2020-08-30T14:59:44","slug":"vasas-muveszegyuttes","status":"publish","type":"page","link":"http:\/\/vme.hu\/wprs\/?page_id=29","title":{"rendered":"Vasas M\u0171v\u00e9szegy\u00fcttes"},"content":{"rendered":"\n<p>A Vasas M\u0171v\u00e9szegy\u00fcttes Alap\u00edtv\u00e1ny f\u0151 tev\u00e9kenys\u00e9gi k\u00f6re amat\u0151r m\u0171v\u00e9szeti csoportok m\u0171k\u00f6dtet\u00e9se.<br>&nbsp;<br>Tev\u00e9kenys\u00e9gi k\u00f6r\u00fcnkh\u00f6z tartozik a t\u00e9r\u00edt\u00e9s ellen\u00e9ben val\u00f3 k\u00f6lcs\u00f6nz\u00e9s is: a t\u00e1nckar t\u00e1ncos ruh\u00e1kat, jelmezeket, kell\u00e9keket k\u00f6lcs\u00f6n\u00f6z, a k\u00f3rus \u00e9s a szimfonikus zenekar pedig tekint\u00e9lyes \u00e9s egyed\u00fcl\u00e1ll\u00f3 kottat\u00e1r\u00e1t bocs\u00e1tja az \u00e9rdekl\u0151d\u0151k rendelkez\u00e9s\u00e9re.<br>&nbsp;<br>Int\u00e9zm\u00e9ny\u00fcnket a Vasas Szakszervezeti Sz\u00f6vets\u00e9g alap\u00edtotta. Alap\u00edtv\u00e1nyi form\u00e1ban 1999 \u00f3ta folytatjuk tev\u00e9kenys\u00e9g\u00fcnket, el\u0151tte Tesz\u00e1rsz K\u00e1roly Vasas M\u0171v\u00e9szegy\u00fcttes \u00e9s Ifj\u00fas\u00e1gi H\u00e1z n\u00e9ven m\u0171k\u00f6dt\u00fcnk. &nbsp;<br>&nbsp;<br>Tev\u00e9kenys\u00e9g\u00fcnkben egyed\u00fcl\u00e1ll\u00f3, hogy m\u0171v\u00e9szeti csoportjainknak nemcsak a helyet biztos\u00edtjuk, hanem a m\u0171v\u00e9szeti munka t\u00e1rgyi \u00e9s szem\u00e9lyi felt\u00e9teleit is. Fontosnak tartjuk az amat\u0151r m\u0171v\u00e9szeti \u00e9let t\u00e1mogat\u00e1s\u00e1t, hiszen az \u00e1ltalunk ny\u00fajtott p\u00e9nzforr\u00e1sok n\u00e9lk\u00fcl csoportjaink l\u00e9te ker\u00fclne vesz\u00e9lybe. Az amat\u0151r alkot\u00f3k k\u00f6z\u00f6ss\u00e9gbe t\u00f6m\u00f6r\u00fcl\u00e9se pedig sz\u00e9p \u00f6r\u00f6ks\u00e9g\u00fcnk, amit k\u00f6teless\u00e9g\u00fcnknek tartunk tov\u00e1bbvinni.<br>&nbsp;<br>Legnemesebb hagyom\u00e1nyaink k\u00f6z\u00e9 tartozik a kultur\u00e1lis \u00e9rt\u00e9kek \u00e1pol\u00e1sa, gazdag\u00edt\u00e1sa.<br>&nbsp;<br><strong>2016-ban&nbsp;a Vasas M\u0171v\u00e9szegy\u00fcttes sz\u00e1z \u00e9vet meghalad\u00f3, minden koroszt\u00e1lyt fel\u00f6lel\u0151 t\u00e1ncos, zenei kultur\u00e1lis k\u00f6z\u00f6ss\u00e9gszolg\u00e1lata&nbsp;MAGYAR \u00d6R\u00d6KS\u00c9G-d\u00edj elismer\u00e9sben r\u00e9szes\u00fclt, nev\u00e9t az Aranyk\u00f6nyv \u0151rzi.<\/strong><\/p>\n\n\n\n<p>Az alap\u00edtv\u00e1ny kurat\u00f3rium\u00e1nak eln\u00f6ke: <strong>Szombathn\u00e9 Magyari Ildik\u00f3<\/strong><br>&nbsp;<br>Az alap\u00edtv\u00e1ny igazgat\u00f3ja: <strong>Fodor Tam\u00e1s<\/strong><\/p>\n","protected":false},"excerpt":{"rendered":"<p>A Vasas M\u0171v\u00e9szegy\u00fcttes Alap\u00edtv\u00e1ny f\u0151 tev\u00e9kenys\u00e9gi k\u00f6re amat\u0151r m\u0171v\u00e9szeti csoportok m\u0171k\u00f6dtet\u00e9se.&nbsp;Tev\u00e9kenys\u00e9gi k\u00f6r\u00fcnkh\u00f6z tartozik a t\u00e9r\u00edt\u00e9s ellen\u00e9ben val\u00f3 k\u00f6lcs\u00f6nz\u00e9s is: a t\u00e1nckar t\u00e1ncos ruh\u00e1kat, jelmezeket, kell\u00e9keket [&hellip;]<\/p>\n","protected":false},"author":1,"featured_media":0,"parent":0,"menu_order":0,"comment_status":"closed","ping_status":"closed","template":"","meta":{"_mc_calendar":[]},"_links":{"self":[{"href":"http:\/\/vme.hu\/wprs\/index.php?rest_route=\/wp\/v2\/pages\/29"}],"collection":[{"href":"http:\/\/vme.hu\/wprs\/index.php?rest_route=\/wp\/v2\/pages"}],"about":[{"href":"http:\/\/vme.hu\/wprs\/index.php?rest_route=\/wp\/v2\/types\/page"}],"author":[{"embeddable":true,"href":"http:\/\/vme.hu\/wprs\/index.php?rest_route=\/wp\/v2\/users\/1"}],"replies":[{"embeddable":true,"href":"http:\/\/vme.hu\/wprs\/index.php?rest_route=%2Fwp%2Fv2%2Fcomments&post=29"}],"version-history":[{"count":4,"href":"http:\/\/vme.hu\/wprs\/index.php?rest_route=\/wp\/v2\/pages\/29\/revisions"}],"predecessor-version":[{"id":117,"href":"http:\/\/vme.hu\/wprs\/index.php?rest_route=\/wp\/v2\/pages\/29\/revisions\/117"}],"wp:attachment":[{"href":"http:\/\/vme.hu\/wprs\/index.php?rest_route=%2Fwp%2Fv2%2Fmedia&parent=29"}],"curies":[{"name":"wp","href":"https:\/\/api.w.org\/{rel}","templated":true}]}}